{"id":1274,"date":"2021-10-31T12:02:47","date_gmt":"2021-10-31T12:02:47","guid":{"rendered":"https:\/\/www.magdalenapaszkiewicz.com\/?post_type=product&#038;p=1274"},"modified":"2026-02-15T22:28:42","modified_gmt":"2026-02-15T21:28:42","slug":"sierpien-mak-naszyjnik-pozlacane-srebro","status":"publish","type":"product","link":"https:\/\/www.magdalenapaszkiewicz.com\/en\/product\/sierpien-mak-naszyjnik-pozlacane-srebro\/","title":{"rendered":"August POPPY \/ necklace \/ gold-plated silver"},"content":{"rendered":"<p>Kolekcja NARODZINY KWIAT\u00d3W to minimalistyczna bi\u017cuteria inspirowana kwiatami oraz ich r\u00f3\u017cnorodno\u015bci\u0105. Seri\u0119 charakteryzuj\u0105 zawieszki o\u00a0nieregularnych kszta\u0142tach ozdobione r\u0119cznym grawerem nadaj\u0105cym im subtelno\u015bci i\u00a0oryginalno\u015bci. Ka\u017cda z\u00a0zawieszek przedstawia inn\u0105 ro\u015blin\u0119 kt\u00f3rej pora kwitnienia przypada w\u00a0jednym z\u00a0dwunastu miesi\u0119cy w\u00a0roku.<\/p>\n<p>Wybierz sw\u00f3j kwiat, kt\u00f3ry lubisz lub mi\u0142o kojarzy Ci si\u0119 z\u00a0danym miesi\u0105cem, by cieszy\u0107 si\u0119 pozytywn\u0105 energi\u0105 natury.<\/p>\n<p>Bi\u017cuteria jest wykonywana r\u0119cznie, dlatego kszta\u0142t zawieszki jak i\u00a0grawer kwiat\u00f3w mo\u017ce si\u0119 za ka\u017cdym razem delikatnie r\u00f3\u017cni\u0107 w\u00a0stosunku do zawieszki prezentowanej na\u00a0zdj\u0119ciu.<\/p>\n<p>The lead time is 2 to 8 working days.<\/p>\n<p>Istnieje mo\u017cliwo\u015b\u0107 zam\u00f3wienia bi\u017cuterii w\u00a0srebrze lub wygrawerowania swojego osobistego kwiata lub innej ro\u015bliny.<\/p>\n<p>If you need a different necklace length, require faster shipping, or want to pick up the jewellery personally in \u0141\u00f3d\u017a, please write to\u00a0<a href=\"mailto:kontakt@magdalenapaszkiewicz.com\"><strong>kontakt@magdalenapaszkiewicz.com<\/strong><\/a> or call <a href=\"tel:+48791771671\"><strong>+48 791 771 671<\/strong><\/a><\/p>\n\n    <div class=\"xs_social_share_widget xs_share_url after_content \t\tmain_content  wslu-style-1 wslu-share-box-shaped wslu-fill-colored wslu-none wslu-share-horizontal wslu-theme-font-no wslu-main_content\">\n\n\t\t\n        <ul>\n\t\t\t        <\/ul>\n    <\/div>","protected":false},"excerpt":{"rendered":"<p>&nbsp;<\/p>\n<p>&#8211; r\u0119cznie wykonana zawieszka\u00a0o\u00a0d\u0142ugo\u015bci oko\u0142o\u00a00,7\u00a0cm\u00a0 z\u00a0r\u0119cznym grawerem na\u00a0\u0142a\u0144cuszku<br \/>\n&#8211; ca\u0142o\u015b\u0107 wykonana jest ze srebra pr\u00f3by\u00a0925 poz\u0142acanego 24\u00a0karatowym z\u0142otem<br \/>\n&#8211; d\u0142ugo\u015b\u0107 \u0142a\u0144cuszka wraz z\u00a0zawieszk\u0105 wynosi 45\u00a0cm<\/p>\n<p>&nbsp;<\/p>","protected":false},"featured_media":1277,"template":"","meta":{"site-sidebar-layout":"default","site-content-layout":"default","ast-site-content-layout":"default","site-content-style":"default","site-sidebar-style":"default","ast-global-header-display":"","ast-banner-title-visibility":"","ast-main-header-display":"","ast-hfb-above-header-display":"","ast-hfb-below-header-display":"","ast-hfb-mobile-header-display":"","site-post-title":"","ast-breadcrumbs-content":"","ast-featured-img":"","footer-sml-layout":"","ast-disable-related-posts":"","theme-transparent-header-meta":"default","adv-header-id-meta":"","stick-header-meta":"default","header-above-stick-meta":"","header-main-stick-meta":"","header-below-stick-meta":"","astra-migrate-meta-layouts":"set","ast-page-background-enabled":"default","ast-page-background-meta":{"desktop":{"background-color":"","background-image":"","background-repeat":"repeat","background-position":"center center","background-size":"auto","background-attachment":"scroll","background-type":"","background-media":"","overlay-type":"","overlay-color":"","overlay-opacity":"","overlay-gradient":""},"tablet":{"background-color":"","background-image":"","background-repeat":"repeat","background-position":"center center","background-size":"auto","background-attachment":"scroll","background-type":"","background-media":"","overlay-type":"","overlay-color":"","overlay-opacity":"","overlay-gradient":""},"mobile":{"background-color":"","background-image":"","background-repeat":"repeat","background-position":"center center","background-size":"auto","background-attachment":"scroll","background-type":"","background-media":"","overlay-type":"","overlay-color":"","overlay-opacity":"","overlay-gradient":""}},"ast-content-background-meta":{"desktop":{"background-color":"var(--ast-global-color-5)","background-image":"","background-repeat":"repeat","background-position":"center center","background-size":"auto","background-attachment":"scroll","background-type":"","background-media":"","overlay-type":"","overlay-color":"","overlay-opacity":"","overlay-gradient":""},"tablet":{"background-color":"var(--ast-global-color-5)","background-image":"","background-repeat":"repeat","background-position":"center center","background-size":"auto","background-attachment":"scroll","background-type":"","background-media":"","overlay-type":"","overlay-color":"","overlay-opacity":"","overlay-gradient":""},"mobile":{"background-color":"var(--ast-global-color-5)","background-image":"","background-repeat":"repeat","background-position":"center center","background-size":"auto","background-attachment":"scroll","background-type":"","background-media":"","overlay-type":"","overlay-color":"","overlay-opacity":"","overlay-gradient":""}}},"product_brand":[],"product_cat":[46,27,19,96,45],"product_tag":[23,37],"class_list":{"0":"post-1274","1":"product","2":"type-product","3":"status-publish","4":"has-post-thumbnail","6":"product_cat-kolekcje","7":"product_cat-narodzinykwiatow","8":"product_cat-naszyjniki","9":"product_cat-pozlacane-srebro","10":"product_cat-produkty","11":"product_tag-naszyjnik","12":"product_tag-perla","13":"desktop-align-left","14":"tablet-align-left","15":"mobile-align-center","16":"ast-product-gallery-layout-vertical-slider","17":"ast-product-single-variable","18":"ast-product-tabs-layout-horizontal","20":"first","21":"instock","22":"shipping-taxable","23":"purchasable","24":"product-type-variable","25":"has-default-attributes","26":"add-to-wishlist-before_image"},"yoast_head":"<!-- This site is optimized with the Yoast SEO plugin v27.3 - https:\/\/yoast.com\/product\/yoast-seo-wordpress\/ -->\n<title>sierpie\u0144 MAK \/ naszyjnik \/ poz\u0142acane srebro - Magdalena Paszkiewicz<\/title>\n<meta name=\"robots\" content=\"index, follow, max-snippet:-1, max-image-preview:large, max-video-preview:-1\" \/>\n<link rel=\"canonical\" href=\"https:\/\/www.magdalenapaszkiewicz.com\/en\/product\/sierpien-mak-naszyjnik-pozlacane-srebro\/\" \/>\n<meta property=\"og:locale\" content=\"en_GB\" \/>\n<meta property=\"og:type\" content=\"article\" \/>\n<meta property=\"og:title\" content=\"sierpie\u0144 MAK \/ naszyjnik \/ poz\u0142acane srebro - Magdalena Paszkiewicz\" \/>\n<meta property=\"og:description\" content=\"&nbsp;  - r\u0119cznie wykonana zawieszka\u00a0o\u00a0d\u0142ugo\u015bci oko\u0142o\u00a00,7\u00a0cm\u00a0 z\u00a0r\u0119cznym grawerem na\u00a0\u0142a\u0144cuszku - ca\u0142o\u015b\u0107 wykonana jest ze srebra pr\u00f3by\u00a0925 poz\u0142acanego 24\u00a0karatowym z\u0142otem - d\u0142ugo\u015b\u0107 \u0142a\u0144cuszka wraz z\u00a0zawieszk\u0105 wynosi 45\u00a0cm  &nbsp;\" \/>\n<meta property=\"og:url\" content=\"https:\/\/www.magdalenapaszkiewicz.com\/en\/product\/sierpien-mak-naszyjnik-pozlacane-srebro\/\" \/>\n<meta property=\"og:site_name\" content=\"Magdalena Paszkiewicz\" \/>\n<meta property=\"article:publisher\" content=\"https:\/\/www.facebook.com\/MagdalenaPaszkiewiczJewellery\" \/>\n<meta property=\"article:modified_time\" content=\"2026-02-15T21:28:42+00:00\" \/>\n<meta property=\"og:image\" content=\"https:\/\/www.magdalenapaszkiewicz.com\/wp-content\/uploads\/2021\/10\/sierpien-mak-e1635681984805.jpg\" \/>\n\t<meta property=\"og:image:width\" content=\"1095\" \/>\n\t<meta property=\"og:image:height\" content=\"1600\" \/>\n\t<meta property=\"og:image:type\" content=\"image\/jpeg\" \/>\n<meta name=\"twitter:card\" content=\"summary_large_image\" \/>\n<meta name=\"twitter:label1\" content=\"Estimated reading time\" \/>\n\t<meta name=\"twitter:data1\" content=\"2 minutes\" \/>\n<script type=\"application\/ld+json\" class=\"yoast-schema-graph\">{\"@context\":\"https:\\\/\\\/schema.org\",\"@graph\":[{\"@type\":\"WebPage\",\"@id\":\"https:\\\/\\\/www.magdalenapaszkiewicz.com\\\/produkt\\\/sierpien-mak-naszyjnik-pozlacane-srebro\\\/\",\"url\":\"https:\\\/\\\/www.magdalenapaszkiewicz.com\\\/produkt\\\/sierpien-mak-naszyjnik-pozlacane-srebro\\\/\",\"name\":\"sierpie\u0144 MAK \\\/ naszyjnik \\\/ poz\u0142acane srebro - Magdalena Paszkiewicz\",\"isPartOf\":{\"@id\":\"https:\\\/\\\/www.magdalenapaszkiewicz.com\\\/#website\"},\"primaryImageOfPage\":{\"@id\":\"https:\\\/\\\/www.magdalenapaszkiewicz.com\\\/produkt\\\/sierpien-mak-naszyjnik-pozlacane-srebro\\\/#primaryimage\"},\"image\":{\"@id\":\"https:\\\/\\\/www.magdalenapaszkiewicz.com\\\/produkt\\\/sierpien-mak-naszyjnik-pozlacane-srebro\\\/#primaryimage\"},\"thumbnailUrl\":\"https:\\\/\\\/www.magdalenapaszkiewicz.com\\\/wp-content\\\/uploads\\\/2021\\\/10\\\/sierpien-mak-e1635681984805.jpg\",\"datePublished\":\"2021-10-31T12:02:47+00:00\",\"dateModified\":\"2026-02-15T21:28:42+00:00\",\"breadcrumb\":{\"@id\":\"https:\\\/\\\/www.magdalenapaszkiewicz.com\\\/produkt\\\/sierpien-mak-naszyjnik-pozlacane-srebro\\\/#breadcrumb\"},\"inLanguage\":\"en-GB\",\"potentialAction\":[{\"@type\":\"ReadAction\",\"target\":[\"https:\\\/\\\/www.magdalenapaszkiewicz.com\\\/produkt\\\/sierpien-mak-naszyjnik-pozlacane-srebro\\\/\"]}]},{\"@type\":\"ImageObject\",\"inLanguage\":\"en-GB\",\"@id\":\"https:\\\/\\\/www.magdalenapaszkiewicz.com\\\/produkt\\\/sierpien-mak-naszyjnik-pozlacane-srebro\\\/#primaryimage\",\"url\":\"https:\\\/\\\/www.magdalenapaszkiewicz.com\\\/wp-content\\\/uploads\\\/2021\\\/10\\\/sierpien-mak-e1635681984805.jpg\",\"contentUrl\":\"https:\\\/\\\/www.magdalenapaszkiewicz.com\\\/wp-content\\\/uploads\\\/2021\\\/10\\\/sierpien-mak-e1635681984805.jpg\",\"width\":1095,\"height\":1600},{\"@type\":\"BreadcrumbList\",\"@id\":\"https:\\\/\\\/www.magdalenapaszkiewicz.com\\\/produkt\\\/sierpien-mak-naszyjnik-pozlacane-srebro\\\/#breadcrumb\",\"itemListElement\":[{\"@type\":\"ListItem\",\"position\":1,\"name\":\"Strona g\u0142\u00f3wna\",\"item\":\"https:\\\/\\\/www.magdalenapaszkiewicz.com\\\/\"},{\"@type\":\"ListItem\",\"position\":2,\"name\":\"Sklep\",\"item\":\"https:\\\/\\\/www.magdalenapaszkiewicz.com\\\/pracownia-jubilerki\\\/\"},{\"@type\":\"ListItem\",\"position\":3,\"name\":\"sierpie\u0144 MAK \\\/ naszyjnik \\\/ poz\u0142acane srebro\"}]},{\"@type\":\"WebSite\",\"@id\":\"https:\\\/\\\/www.magdalenapaszkiewicz.com\\\/#website\",\"url\":\"https:\\\/\\\/www.magdalenapaszkiewicz.com\\\/\",\"name\":\"Magdalena Paszkiewicz\",\"description\":\"Warsztaty \u015blubne, obr\u0105czki i pier\u015bcionki zar\u0119czynowe\",\"publisher\":{\"@id\":\"https:\\\/\\\/www.magdalenapaszkiewicz.com\\\/#organization\"},\"potentialAction\":[{\"@type\":\"SearchAction\",\"target\":{\"@type\":\"EntryPoint\",\"urlTemplate\":\"https:\\\/\\\/www.magdalenapaszkiewicz.com\\\/?s={search_term_string}\"},\"query-input\":{\"@type\":\"PropertyValueSpecification\",\"valueRequired\":true,\"valueName\":\"search_term_string\"}}],\"inLanguage\":\"en-GB\"},{\"@type\":\"Organization\",\"@id\":\"https:\\\/\\\/www.magdalenapaszkiewicz.com\\\/#organization\",\"name\":\"Magdalena Paszkiewicz\",\"url\":\"https:\\\/\\\/www.magdalenapaszkiewicz.com\\\/\",\"logo\":{\"@type\":\"ImageObject\",\"inLanguage\":\"en-GB\",\"@id\":\"https:\\\/\\\/www.magdalenapaszkiewicz.com\\\/#\\\/schema\\\/logo\\\/image\\\/\",\"url\":\"https:\\\/\\\/www.magdalenapaszkiewicz.com\\\/wp-content\\\/uploads\\\/2025\\\/09\\\/Magdalena_Paszkiewicz_logo_2025.webp\",\"contentUrl\":\"https:\\\/\\\/www.magdalenapaszkiewicz.com\\\/wp-content\\\/uploads\\\/2025\\\/09\\\/Magdalena_Paszkiewicz_logo_2025.webp\",\"width\":1216,\"height\":808,\"caption\":\"Magdalena Paszkiewicz\"},\"image\":{\"@id\":\"https:\\\/\\\/www.magdalenapaszkiewicz.com\\\/#\\\/schema\\\/logo\\\/image\\\/\"},\"sameAs\":[\"https:\\\/\\\/www.facebook.com\\\/MagdalenaPaszkiewiczJewellery\",\"https:\\\/\\\/www.instagram.com\\\/magdalenapaszkiewiczjewellery\\\/\",\"https:\\\/\\\/pl.pinterest.com\\\/MagdalenaPaszkiewiczJewellery\\\/_saved\\\/\",\"https:\\\/\\\/www.tiktok.com\\\/@magdalenapaszkiewicz\",\"https:\\\/\\\/www.threads.net\\\/@magdalenapaszkiewiczjewellery\"]}]}<\/script>\n<!-- \/ Yoast SEO plugin. -->","yoast_head_json":{"title":"sierpie\u0144 MAK \/ naszyjnik \/ poz\u0142acane srebro - Magdalena Paszkiewicz","robots":{"index":"index","follow":"follow","max-snippet":"max-snippet:-1","max-image-preview":"max-image-preview:large","max-video-preview":"max-video-preview:-1"},"canonical":"https:\/\/www.magdalenapaszkiewicz.com\/en\/product\/sierpien-mak-naszyjnik-pozlacane-srebro\/","og_locale":"en_GB","og_type":"article","og_title":"sierpie\u0144 MAK \/ naszyjnik \/ poz\u0142acane srebro - Magdalena Paszkiewicz","og_description":"&nbsp;  - r\u0119cznie wykonana zawieszka\u00a0o\u00a0d\u0142ugo\u015bci oko\u0142o\u00a00,7\u00a0cm\u00a0 z\u00a0r\u0119cznym grawerem na\u00a0\u0142a\u0144cuszku - ca\u0142o\u015b\u0107 wykonana jest ze srebra pr\u00f3by\u00a0925 poz\u0142acanego 24\u00a0karatowym z\u0142otem - d\u0142ugo\u015b\u0107 \u0142a\u0144cuszka wraz z\u00a0zawieszk\u0105 wynosi 45\u00a0cm  &nbsp;","og_url":"https:\/\/www.magdalenapaszkiewicz.com\/en\/product\/sierpien-mak-naszyjnik-pozlacane-srebro\/","og_site_name":"Magdalena Paszkiewicz","article_publisher":"https:\/\/www.facebook.com\/MagdalenaPaszkiewiczJewellery","article_modified_time":"2026-02-15T21:28:42+00:00","og_image":[{"width":1095,"height":1600,"url":"https:\/\/www.magdalenapaszkiewicz.com\/wp-content\/uploads\/2021\/10\/sierpien-mak-e1635681984805.jpg","type":"image\/jpeg"}],"twitter_card":"summary_large_image","twitter_misc":{"Estimated reading time":"2 minutes"},"schema":{"@context":"https:\/\/schema.org","@graph":[{"@type":"WebPage","@id":"https:\/\/www.magdalenapaszkiewicz.com\/produkt\/sierpien-mak-naszyjnik-pozlacane-srebro\/","url":"https:\/\/www.magdalenapaszkiewicz.com\/produkt\/sierpien-mak-naszyjnik-pozlacane-srebro\/","name":"sierpie\u0144 MAK \/ naszyjnik \/ poz\u0142acane srebro - Magdalena Paszkiewicz","isPartOf":{"@id":"https:\/\/www.magdalenapaszkiewicz.com\/#website"},"primaryImageOfPage":{"@id":"https:\/\/www.magdalenapaszkiewicz.com\/produkt\/sierpien-mak-naszyjnik-pozlacane-srebro\/#primaryimage"},"image":{"@id":"https:\/\/www.magdalenapaszkiewicz.com\/produkt\/sierpien-mak-naszyjnik-pozlacane-srebro\/#primaryimage"},"thumbnailUrl":"https:\/\/www.magdalenapaszkiewicz.com\/wp-content\/uploads\/2021\/10\/sierpien-mak-e1635681984805.jpg","datePublished":"2021-10-31T12:02:47+00:00","dateModified":"2026-02-15T21:28:42+00:00","breadcrumb":{"@id":"https:\/\/www.magdalenapaszkiewicz.com\/produkt\/sierpien-mak-naszyjnik-pozlacane-srebro\/#breadcrumb"},"inLanguage":"en-GB","potentialAction":[{"@type":"ReadAction","target":["https:\/\/www.magdalenapaszkiewicz.com\/produkt\/sierpien-mak-naszyjnik-pozlacane-srebro\/"]}]},{"@type":"ImageObject","inLanguage":"en-GB","@id":"https:\/\/www.magdalenapaszkiewicz.com\/produkt\/sierpien-mak-naszyjnik-pozlacane-srebro\/#primaryimage","url":"https:\/\/www.magdalenapaszkiewicz.com\/wp-content\/uploads\/2021\/10\/sierpien-mak-e1635681984805.jpg","contentUrl":"https:\/\/www.magdalenapaszkiewicz.com\/wp-content\/uploads\/2021\/10\/sierpien-mak-e1635681984805.jpg","width":1095,"height":1600},{"@type":"BreadcrumbList","@id":"https:\/\/www.magdalenapaszkiewicz.com\/produkt\/sierpien-mak-naszyjnik-pozlacane-srebro\/#breadcrumb","itemListElement":[{"@type":"ListItem","position":1,"name":"Strona g\u0142\u00f3wna","item":"https:\/\/www.magdalenapaszkiewicz.com\/"},{"@type":"ListItem","position":2,"name":"Sklep","item":"https:\/\/www.magdalenapaszkiewicz.com\/pracownia-jubilerki\/"},{"@type":"ListItem","position":3,"name":"sierpie\u0144 MAK \/ naszyjnik \/ poz\u0142acane srebro"}]},{"@type":"WebSite","@id":"https:\/\/www.magdalenapaszkiewicz.com\/#website","url":"https:\/\/www.magdalenapaszkiewicz.com\/","name":"Magdalena Paszkiewicz","description":"Warsztaty \u015blubne, obr\u0105czki i pier\u015bcionki zar\u0119czynowe","publisher":{"@id":"https:\/\/www.magdalenapaszkiewicz.com\/#organization"},"potentialAction":[{"@type":"SearchAction","target":{"@type":"EntryPoint","urlTemplate":"https:\/\/www.magdalenapaszkiewicz.com\/?s={search_term_string}"},"query-input":{"@type":"PropertyValueSpecification","valueRequired":true,"valueName":"search_term_string"}}],"inLanguage":"en-GB"},{"@type":"Organization","@id":"https:\/\/www.magdalenapaszkiewicz.com\/#organization","name":"Magdalena Paszkiewicz","url":"https:\/\/www.magdalenapaszkiewicz.com\/","logo":{"@type":"ImageObject","inLanguage":"en-GB","@id":"https:\/\/www.magdalenapaszkiewicz.com\/#\/schema\/logo\/image\/","url":"https:\/\/www.magdalenapaszkiewicz.com\/wp-content\/uploads\/2025\/09\/Magdalena_Paszkiewicz_logo_2025.webp","contentUrl":"https:\/\/www.magdalenapaszkiewicz.com\/wp-content\/uploads\/2025\/09\/Magdalena_Paszkiewicz_logo_2025.webp","width":1216,"height":808,"caption":"Magdalena Paszkiewicz"},"image":{"@id":"https:\/\/www.magdalenapaszkiewicz.com\/#\/schema\/logo\/image\/"},"sameAs":["https:\/\/www.facebook.com\/MagdalenaPaszkiewiczJewellery","https:\/\/www.instagram.com\/magdalenapaszkiewiczjewellery\/","https:\/\/pl.pinterest.com\/MagdalenaPaszkiewiczJewellery\/_saved\/","https:\/\/www.tiktok.com\/@magdalenapaszkiewicz","https:\/\/www.threads.net\/@magdalenapaszkiewiczjewellery"]}]}},"_links":{"self":[{"href":"https:\/\/www.magdalenapaszkiewicz.com\/en\/wp-json\/wp\/v2\/product\/1274","targetHints":{"allow":["GET"]}}],"collection":[{"href":"https:\/\/www.magdalenapaszkiewicz.com\/en\/wp-json\/wp\/v2\/product"}],"about":[{"href":"https:\/\/www.magdalenapaszkiewicz.com\/en\/wp-json\/wp\/v2\/types\/product"}],"wp:featuredmedia":[{"embeddable":true,"href":"https:\/\/www.magdalenapaszkiewicz.com\/en\/wp-json\/wp\/v2\/media\/1277"}],"wp:attachment":[{"href":"https:\/\/www.magdalenapaszkiewicz.com\/en\/wp-json\/wp\/v2\/media?parent=1274"}],"wp:term":[{"taxonomy":"product_brand","embeddable":true,"href":"https:\/\/www.magdalenapaszkiewicz.com\/en\/wp-json\/wp\/v2\/product_brand?post=1274"},{"taxonomy":"product_cat","embeddable":true,"href":"https:\/\/www.magdalenapaszkiewicz.com\/en\/wp-json\/wp\/v2\/product_cat?post=1274"},{"taxonomy":"product_tag","embeddable":true,"href":"https:\/\/www.magdalenapaszkiewicz.com\/en\/wp-json\/wp\/v2\/product_tag?post=1274"}],"curies":[{"name":"wp","href":"https:\/\/api.w.org\/{rel}","templated":true}]}}